{"id":158,"date":"2014-12-22T11:23:27","date_gmt":"2014-12-22T10:23:27","guid":{"rendered":"https:\/\/ensemblecvocalkairos.wordpress.com\/?page_id=158"},"modified":"2014-12-22T11:23:27","modified_gmt":"2014-12-22T10:23:27","slug":"audio","status":"publish","type":"page","link":"https:\/\/jackmedia.be\/kairos\/index.php\/audio\/","title":{"rendered":"Audio"},"content":{"rendered":"<p><span style=\"text-decoration:underline;\"><strong>S\u00e9ance d&rsquo;enregistrement du 7 mai 2017 \u00e0 Fisenne (Kodaly, Ligeti, Bardos)<\/strong><\/span><\/p>\n<ul>\n<li><a href=\"https:\/\/soundcloud.com\/user-919517779\/1-bardos-tabortuznel\/s-upTsI\" target=\"_blank\" rel=\"noopener noreferrer\">Tabortuznel<\/a><\/li>\n<li><a href=\"https:\/\/soundcloud.com\/user-919517779\/2-ligeti\" target=\"_blank\" rel=\"noopener noreferrer\">Ligeti<\/a><\/li>\n<li><a href=\"https:\/\/soundcloud.com\/user-919517779\/3-kodaly-ezti-dal-1\" target=\"_blank\" rel=\"noopener noreferrer\">Esti Dal<\/a><\/li>\n<li><a href=\"https:\/\/soundcloud.com\/user-919517779\/4-bardos-cantemus-1\" target=\"_blank\" rel=\"noopener noreferrer\">Cantemus<\/a><\/li>\n<li><a href=\"https:\/\/soundcloud.com\/user-919517779\/5-bardos-pandur-1\" target=\"_blank\" rel=\"noopener noreferrer\">Pandur<\/a><\/li>\n<li><a href=\"https:\/\/soundcloud.com\/user-919517779\/6-kodaly-turot-1\" target=\"_blank\" rel=\"noopener noreferrer\">Turot<\/a><\/li>\n<li><a href=\"https:\/\/soundcloud.com\/user-919517779\/7-veni-veni-emmanuel-1\" target=\"_blank\" rel=\"noopener noreferrer\">Veni, Emmanuel<\/a><\/li>\n<\/ul>\n<p><strong>Concert du 12 ao\u00fbt 2015 \u00e0 Laurac-en-Vivarais<\/strong><\/p>\n<p><strong>Knut Nystedt<\/strong>\u00a0(1915 &#8211; 2014) :\u00a0<em>Missa brevis, op. 102<\/em><\/p>\n<ul>\n<li><a href=\"https:\/\/soundcloud.com\/user-57422942\/laurac-2015-nystedt-kyrie\" target=\"_blank\" rel=\"noopener noreferrer\">Kyrie<\/a><\/li>\n<li><a href=\"https:\/\/soundcloud.com\/user-57422942\/laurac-2015-nystedt-gloria\" target=\"_blank\" rel=\"noopener noreferrer\">Gloria<\/a><\/li>\n<li><a href=\"https:\/\/soundcloud.com\/user-57422942\/laurac-2015-nystedt-sanctus\" target=\"_blank\" rel=\"noopener noreferrer\">Sanctus<\/a><\/li>\n<\/ul>\n<p><strong>Maurice Durufl\u00e9<\/strong>\u00a0(1902-1986):\u00a0<em>Quatre motets sur des th<\/em><em>\u00e8<\/em><em>mes gr<\/em><em>\u00e9<\/em><em>goriens<\/em><em>\u00a0<\/em><\/p>\n<ul>\n<li><a href=\"https:\/\/soundcloud.com\/user-57422942\/laurac-2015-durufle-ubi-caritas\" target=\"_blank\" rel=\"noopener noreferrer\">Ubi caritas<\/a><\/li>\n<li><a href=\"https:\/\/soundcloud.com\/user-57422942\/laurac-2015-durufle-tu-es-petrus\" target=\"_blank\" rel=\"noopener noreferrer\">Tu es Petrus<\/a><\/li>\n<\/ul>\n<p><strong>Francis Poulenc<\/strong>\u00a0(1899-1963) :\u00a0<em>Quatre motets pour un temps de p\u00e9nitence<\/em><\/p>\n<ul>\n<li><a href=\"https:\/\/soundcloud.com\/user-57422942\/laurac-2015-poulenc-timor-et-tremor\" target=\"_blank\" rel=\"noopener noreferrer\">Timor et tremor<\/a><\/li>\n<\/ul>\n<p><strong>Vic Nees<\/strong>\u00a0(1936 \u2013 2013)\u00a0: Complaintes<em> sur des po<\/em><em>\u00e8mes de Liliane Wouters<\/em><\/p>\n<ul>\n<li><a href=\"https:\/\/soundcloud.com\/user-57422942\/laurac-2015-nees-a-furnes\" target=\"_blank\" rel=\"noopener noreferrer\">A Furnes<\/a><\/li>\n<li><a href=\"https:\/\/soundcloud.com\/user-57422942\/laurac-2015-nees-les-vierges-sages\" target=\"_blank\" rel=\"noopener noreferrer\">Les vierges sages<\/a><\/li>\n<\/ul>\n<p><strong>Kurt Bikkembergs<\/strong> (1963- )<\/p>\n<ul>\n<li><a href=\"https:\/\/soundcloud.com\/user-57422942\/laurac-2015-bikkembergs-salve-regina\" target=\"_blank\" rel=\"noopener noreferrer\">Salve regina<\/a><\/li>\n<\/ul>\n","protected":false},"excerpt":{"rendered":"<p>S\u00e9ance d&rsquo;enregistrement du 7 mai 2017 \u00e0 Fisenne (Kodaly, Ligeti, Bardos) Tabortuznel Ligeti Esti Dal Cantemus Pandur Turot Veni, Emmanuel Concert du 12 ao\u00fbt 2015 \u00e0 Laurac-en-Vivarais Knut Nystedt\u00a0(1915 &#8211; 2014) :\u00a0Missa brevis, op. 102 Kyrie Gloria Sanctus Maurice Durufl\u00e9\u00a0(1902-1986):\u00a0Quatre motets sur des th\u00e8mes gr\u00e9goriens\u00a0 Ubi caritas Tu es Petrus Francis Poulenc\u00a0(1899-1963) :\u00a0Quatre motets pour [&hellip;]<\/p>\n","protected":false},"author":1,"featured_media":225,"parent":0,"menu_order":0,"comment_status":"closed","ping_status":"closed","template":"","meta":[],"_links":{"self":[{"href":"https:\/\/jackmedia.be\/kairos\/index.php\/wp-json\/wp\/v2\/pages\/158"}],"collection":[{"href":"https:\/\/jackmedia.be\/kairos\/index.php\/wp-json\/wp\/v2\/pages"}],"about":[{"href":"https:\/\/jackmedia.be\/kairos\/index.php\/wp-json\/wp\/v2\/types\/page"}],"author":[{"embeddable":true,"href":"https:\/\/jackmedia.be\/kairos\/index.php\/wp-json\/wp\/v2\/users\/1"}],"replies":[{"embeddable":true,"href":"https:\/\/jackmedia.be\/kairos\/index.php\/wp-json\/wp\/v2\/comments?post=158"}],"version-history":[{"count":0,"href":"https:\/\/jackmedia.be\/kairos\/index.php\/wp-json\/wp\/v2\/pages\/158\/revisions"}],"wp:featuredmedia":[{"embeddable":true,"href":"https:\/\/jackmedia.be\/kairos\/index.php\/wp-json\/wp\/v2\/media\/225"}],"wp:attachment":[{"href":"https:\/\/jackmedia.be\/kairos\/index.php\/wp-json\/wp\/v2\/media?parent=158"}],"curies":[{"name":"wp","href":"https:\/\/api.w.org\/{rel}","templated":true}]}}